{"id":1269,"date":"2024-03-26T04:55:50","date_gmt":"2024-03-26T04:55:50","guid":{"rendered":"https:\/\/avas.live\/car-wash\/?page_id=18"},"modified":"2026-02-20T16:06:44","modified_gmt":"2026-02-20T19:06:44","slug":"blog","status":"publish","type":"page","link":"https:\/\/turisvina.cl\/en\/blog\/","title":{"rendered":"Blog"},"content":{"rendered":"<div data-elementor-type=\"wp-page\" data-elementor-id=\"1269\" class=\"elementor elementor-1269\" data-elementor-post-type=\"page\">\n\t\t\t\t<div class=\"elementor-element elementor-element-9b343fc e-flex e-con-boxed e-con e-parent\" data-id=\"9b343fc\" data-element_type=\"container\" data-e-type=\"container\">\n\t\t\t\t\t<div class=\"e-con-inner\">\n\t\t\t\t<div class=\"elementor-element elementor-element-c656f5a tx-hd-align-center elementor-widget elementor-widget-avas-heading\" data-id=\"c656f5a\" data-element_type=\"widget\" data-e-type=\"widget\" data-widget_type=\"avas-heading.default\">\n\t\t\t\t<div class=\"elementor-widget-container\">\n\t\t\t\t\t        <div class=\"tx-hd-wrap\">\n\n            <div class=\"tx-hd-wm\"><\/div>\n\n            \n            <div class=\"tx-hd-sub\">TurisVi\u00f1a<\/div>\n                        <h1 class=\"tx-hd-title\">\n                <span class=\"tx-hd-first-part\">Welcome to the TurisVi\u00f1a Blog<\/span>\n                <span class=\"tx-hd-last-part\"><\/span>\n            <\/h1>    \n            \n            <div class=\"tx-hd-desc\"><\/div>\n\n\n                   \n        <\/div><!-- tx-hd-wrap -->\n\n\n\n\n\n\n\n\n\t\t\t\t<\/div>\n\t\t\t\t<\/div>\n\t\t\t\t\t<\/div>\n\t\t\t\t<\/div>\n\t\t<div class=\"elementor-element elementor-element-5d5441a e-flex e-con-boxed elementor-invisible e-con e-parent\" data-id=\"5d5441a\" data-element_type=\"container\" data-e-type=\"container\" data-settings=\"{&quot;animation&quot;:&quot;fadeIn&quot;}\">\n\t\t\t\t\t<div class=\"e-con-inner\">\n\t\t\t\t<div class=\"elementor-element elementor-element-74b1ff3 elementor-grid-3 elementor-grid-tablet-2 elementor-grid-mobile-1 elementor-posts--thumbnail-top elementor-card-shadow-yes elementor-posts__hover-gradient load-more-align-center elementor-widget elementor-widget-posts\" data-id=\"74b1ff3\" data-element_type=\"widget\" data-e-type=\"widget\" data-settings=\"{&quot;pagination_type&quot;:&quot;load_more_on_click&quot;,&quot;cards_columns&quot;:&quot;3&quot;,&quot;cards_columns_tablet&quot;:&quot;2&quot;,&quot;cards_columns_mobile&quot;:&quot;1&quot;,&quot;cards_row_gap&quot;:{&quot;unit&quot;:&quot;px&quot;,&quot;size&quot;:35,&quot;sizes&quot;:[]},&quot;cards_row_gap_tablet&quot;:{&quot;unit&quot;:&quot;px&quot;,&quot;size&quot;:&quot;&quot;,&quot;sizes&quot;:[]},&quot;cards_row_gap_mobile&quot;:{&quot;unit&quot;:&quot;px&quot;,&quot;size&quot;:&quot;&quot;,&quot;sizes&quot;:[]},&quot;load_more_spinner&quot;:{&quot;value&quot;:&quot;fas fa-spinner&quot;,&quot;library&quot;:&quot;fa-solid&quot;}}\" data-widget_type=\"posts.cards\">\n\t\t\t\t<div class=\"elementor-widget-container\">\n\t\t\t\t\t\t\t<div class=\"elementor-posts-container elementor-posts elementor-posts--skin-cards elementor-grid\" role=\"list\">\n\t\t\t\t<article class=\"elementor-post elementor-grid-item post-4739 post type-post status-publish format-standard has-post-thumbnail hentry category-seguridad-turistica tag-gestion-de-riesgos-en-turismo tag-transporte-ejecutivo-turistico tag-turismo-seguro\" role=\"listitem\">\n\t\t\t<div class=\"elementor-post__card\">\n\t\t\t\t<a class=\"elementor-post__thumbnail__link\" href=\"https:\/\/turisvina.cl\/en\/el-efecto-seguridad-en-el-turismo-como-la-profesionalizacion-de-la-vigilancia-fortalecio-destinos-del-caribe\/\" tabindex=\"-1\" ><div class=\"elementor-post__thumbnail\"><img fetchpriority=\"high\" decoding=\"async\" width=\"1024\" height=\"466\" src=\"https:\/\/turisvina.cl\/wp-content\/uploads\/2026\/03\/SEGURIDAD-TURISVINA-1024x466.png\" class=\"attachment-large size-large wp-image-4740\" alt=\"\" srcset=\"https:\/\/turisvina.cl\/wp-content\/uploads\/2026\/03\/SEGURIDAD-TURISVINA-1024x466.png 1024w, https:\/\/turisvina.cl\/wp-content\/uploads\/2026\/03\/SEGURIDAD-TURISVINA-300x136.png 300w, https:\/\/turisvina.cl\/wp-content\/uploads\/2026\/03\/SEGURIDAD-TURISVINA-768x349.png 768w, https:\/\/turisvina.cl\/wp-content\/uploads\/2026\/03\/SEGURIDAD-TURISVINA-1536x698.png 1536w, https:\/\/turisvina.cl\/wp-content\/uploads\/2026\/03\/SEGURIDAD-TURISVINA-18x8.png 18w, https:\/\/turisvina.cl\/wp-content\/uploads\/2026\/03\/SEGURIDAD-TURISVINA-360x164.png 360w, https:\/\/turisvina.cl\/wp-content\/uploads\/2026\/03\/SEGURIDAD-TURISVINA-373x170.png 373w, https:\/\/turisvina.cl\/wp-content\/uploads\/2026\/03\/SEGURIDAD-TURISVINA-620x282.png 620w, https:\/\/turisvina.cl\/wp-content\/uploads\/2026\/03\/SEGURIDAD-TURISVINA-460x209.png 460w, https:\/\/turisvina.cl\/wp-content\/uploads\/2026\/03\/SEGURIDAD-TURISVINA-365x166.png 365w, https:\/\/turisvina.cl\/wp-content\/uploads\/2026\/03\/SEGURIDAD-TURISVINA-24x11.png 24w, https:\/\/turisvina.cl\/wp-content\/uploads\/2026\/03\/SEGURIDAD-TURISVINA-36x16.png 36w, https:\/\/turisvina.cl\/wp-content\/uploads\/2026\/03\/SEGURIDAD-TURISVINA-48x22.png 48w, https:\/\/turisvina.cl\/wp-content\/uploads\/2026\/03\/SEGURIDAD-TURISVINA-600x273.png 600w, https:\/\/turisvina.cl\/wp-content\/uploads\/2026\/03\/SEGURIDAD-TURISVINA.png 1916w\" sizes=\"(max-width: 1024px) 100vw, 1024px\" \/><\/div><\/a>\n\t\t\t\t<div class=\"elementor-post__badge\">Seguridad tur\u00edstica<\/div>\n\t\t\t\t<div class=\"elementor-post__text\">\n\t\t\t\t<h3 class=\"elementor-post__title\">\n\t\t\t<a href=\"https:\/\/turisvina.cl\/en\/el-efecto-seguridad-en-el-turismo-como-la-profesionalizacion-de-la-vigilancia-fortalecio-destinos-del-caribe\/\" >\n\t\t\t\tEl efecto seguridad en el turismo: c\u00f3mo la profesionalizaci\u00f3n de la vigilancia fortaleci\u00f3 destinos del Caribe\t\t\t<\/a>\n\t\t<\/h3>\n\t\t\t\t<div class=\"elementor-post__excerpt\">\n\t\t\t<p class=\"tx-excerpt\">El turismo tiene una caracter\u00edstica curiosa: es una industria que depende tanto de la belleza del lugar como de la sensaci\u00f3n de seguridad que percibe el visitante. Playas espectaculares, gastronom\u00eda atractiva o infraestructura hotelera de...<\/p>\t\t<\/div>\n\t\t\n\t\t<a class=\"elementor-post__read-more\" href=\"https:\/\/turisvina.cl\/en\/el-efecto-seguridad-en-el-turismo-como-la-profesionalizacion-de-la-vigilancia-fortalecio-destinos-del-caribe\/\" aria-label=\"Read more about El efecto seguridad en el turismo: c\u00f3mo la profesionalizaci\u00f3n de la vigilancia fortaleci\u00f3 destinos del Caribe\" tabindex=\"-1\" >\n\t\t\tLeer m\u00e1s \u00bb\t\t<\/a>\n\n\t\t\t\t<\/div>\n\t\t\t\t\t<\/div>\n\t\t<\/article>\n\t\t\t\t<article class=\"elementor-post elementor-grid-item post-4424 post type-post status-publish format-standard has-post-thumbnail hentry category-empresas category-transporte-privado tag-ida-y-regreso tag-transporte-empresarial tag-traslado-ejecutivo\" role=\"listitem\">\n\t\t\t<div class=\"elementor-post__card\">\n\t\t\t\t<a class=\"elementor-post__thumbnail__link\" href=\"https:\/\/turisvina.cl\/en\/traslados-corporativos-servicio-mensual\/\" tabindex=\"-1\" ><div class=\"elementor-post__thumbnail\"><img decoding=\"async\" width=\"1024\" height=\"576\" src=\"https:\/\/turisvina.cl\/wp-content\/uploads\/2026\/02\/traslados-corportaivos-1024x576.png\" class=\"attachment-large size-large wp-image-4445\" alt=\"traslados corportaivos\" srcset=\"https:\/\/turisvina.cl\/wp-content\/uploads\/2026\/02\/traslados-corportaivos-1024x576.png 1024w, https:\/\/turisvina.cl\/wp-content\/uploads\/2026\/02\/traslados-corportaivos-300x169.png 300w, https:\/\/turisvina.cl\/wp-content\/uploads\/2026\/02\/traslados-corportaivos-768x432.png 768w, https:\/\/turisvina.cl\/wp-content\/uploads\/2026\/02\/traslados-corportaivos-1536x864.png 1536w, https:\/\/turisvina.cl\/wp-content\/uploads\/2026\/02\/traslados-corportaivos-18x10.png 18w, https:\/\/turisvina.cl\/wp-content\/uploads\/2026\/02\/traslados-corportaivos-360x203.png 360w, https:\/\/turisvina.cl\/wp-content\/uploads\/2026\/02\/traslados-corportaivos-373x210.png 373w, https:\/\/turisvina.cl\/wp-content\/uploads\/2026\/02\/traslados-corportaivos-620x349.png 620w, https:\/\/turisvina.cl\/wp-content\/uploads\/2026\/02\/traslados-corportaivos-460x259.png 460w, https:\/\/turisvina.cl\/wp-content\/uploads\/2026\/02\/traslados-corportaivos-365x205.png 365w, https:\/\/turisvina.cl\/wp-content\/uploads\/2026\/02\/traslados-corportaivos-24x14.png 24w, https:\/\/turisvina.cl\/wp-content\/uploads\/2026\/02\/traslados-corportaivos-36x20.png 36w, https:\/\/turisvina.cl\/wp-content\/uploads\/2026\/02\/traslados-corportaivos-48x27.png 48w, https:\/\/turisvina.cl\/wp-content\/uploads\/2026\/02\/traslados-corportaivos.png 1600w\" sizes=\"(max-width: 1024px) 100vw, 1024px\" \/><\/div><\/a>\n\t\t\t\t<div class=\"elementor-post__badge\">Companies<\/div>\n\t\t\t\t<div class=\"elementor-post__text\">\n\t\t\t\t<h3 class=\"elementor-post__title\">\n\t\t\t<a href=\"https:\/\/turisvina.cl\/en\/traslados-corporativos-servicio-mensual\/\" >\n\t\t\t\tTraslados corporativos: c\u00f3mo se arma un servicio mensual (rutas, turnos, backup)\t\t\t<\/a>\n\t\t<\/h3>\n\t\t\t\t<div class=\"elementor-post__excerpt\">\n\t\t\t<p class=\"tx-excerpt\">TurisVi\u00f1a \u00b7 Transporte Corporativo Traslados corporativos: c\u00f3mo se arma un servicio mensual (rutas, turnos y backup) Un servicio mensual de traslados corporativos no es \u201cun auto con chofer\u201d. Es una operaci\u00f3n: rutas definidas, turnos consistentes,...<\/p>\t\t<\/div>\n\t\t\n\t\t<a class=\"elementor-post__read-more\" href=\"https:\/\/turisvina.cl\/en\/traslados-corporativos-servicio-mensual\/\" aria-label=\"Read more about Traslados corporativos: c\u00f3mo se arma un servicio mensual (rutas, turnos, backup)\" tabindex=\"-1\" >\n\t\t\tLeer m\u00e1s \u00bb\t\t<\/a>\n\n\t\t\t\t<\/div>\n\t\t\t\t\t<\/div>\n\t\t<\/article>\n\t\t\t\t<article class=\"elementor-post elementor-grid-item post-4402 post type-post status-publish format-standard has-post-thumbnail hentry category-transporte-privado category-traslados-aeropuerto tag-logistica-de-pasajeros tag-ruta-68 tag-transfer-aeropuerto-santiago tag-transfer-privado-chile tag-transfer-valparaiso tag-transporte-corporativo tag-transporte-vina-del-mar\" role=\"listitem\">\n\t\t\t<div class=\"elementor-post__card\">\n\t\t\t\t<a class=\"elementor-post__thumbnail__link\" href=\"https:\/\/turisvina.cl\/en\/transfer-privado-aeropuerto-santiago-a-vina-del-mar-y-valparaiso\/\" tabindex=\"-1\" ><div class=\"elementor-post__thumbnail\"><img decoding=\"async\" width=\"1024\" height=\"576\" src=\"https:\/\/turisvina.cl\/wp-content\/uploads\/2026\/02\/centro-de-terapia-integral-1024x576.png\" class=\"attachment-large size-large wp-image-4408\" alt=\"transfer aeropuerto santiago, transporte vi\u00f1a del mar, transfer valparaiso, ruta 68, transporte corporativo, transfer privado chile, log\u00edstica de pasajeros\" srcset=\"https:\/\/turisvina.cl\/wp-content\/uploads\/2026\/02\/centro-de-terapia-integral-1024x576.png 1024w, https:\/\/turisvina.cl\/wp-content\/uploads\/2026\/02\/centro-de-terapia-integral-300x169.png 300w, https:\/\/turisvina.cl\/wp-content\/uploads\/2026\/02\/centro-de-terapia-integral-768x432.png 768w, https:\/\/turisvina.cl\/wp-content\/uploads\/2026\/02\/centro-de-terapia-integral-1536x864.png 1536w, https:\/\/turisvina.cl\/wp-content\/uploads\/2026\/02\/centro-de-terapia-integral-18x10.png 18w, https:\/\/turisvina.cl\/wp-content\/uploads\/2026\/02\/centro-de-terapia-integral-360x203.png 360w, https:\/\/turisvina.cl\/wp-content\/uploads\/2026\/02\/centro-de-terapia-integral-373x210.png 373w, https:\/\/turisvina.cl\/wp-content\/uploads\/2026\/02\/centro-de-terapia-integral-620x349.png 620w, https:\/\/turisvina.cl\/wp-content\/uploads\/2026\/02\/centro-de-terapia-integral-460x259.png 460w, https:\/\/turisvina.cl\/wp-content\/uploads\/2026\/02\/centro-de-terapia-integral-365x205.png 365w, https:\/\/turisvina.cl\/wp-content\/uploads\/2026\/02\/centro-de-terapia-integral-24x14.png 24w, https:\/\/turisvina.cl\/wp-content\/uploads\/2026\/02\/centro-de-terapia-integral-36x20.png 36w, https:\/\/turisvina.cl\/wp-content\/uploads\/2026\/02\/centro-de-terapia-integral-48x27.png 48w, https:\/\/turisvina.cl\/wp-content\/uploads\/2026\/02\/centro-de-terapia-integral.png 1600w\" sizes=\"(max-width: 1024px) 100vw, 1024px\" \/><\/div><\/a>\n\t\t\t\t<div class=\"elementor-post__badge\">Transporte Privado<\/div>\n\t\t\t\t<div class=\"elementor-post__text\">\n\t\t\t\t<h3 class=\"elementor-post__title\">\n\t\t\t<a href=\"https:\/\/turisvina.cl\/en\/transfer-privado-aeropuerto-santiago-a-vina-del-mar-y-valparaiso\/\" >\n\t\t\t\tTransfer Privado Aeropuerto Santiago a Vi\u00f1a del Mar y Valpara\u00edso\t\t\t<\/a>\n\t\t<\/h3>\n\t\t\t\t<div class=\"elementor-post__excerpt\">\n\t\t\t<p class=\"tx-excerpt\">TurisVi\u00f1a \u00b7 Transporte y turismo en la Regi\u00f3n de Valpara\u00edso Gu\u00eda definitiva 2026: Transfer Aeropuerto Santiago (SCL) \u21c4 Vi\u00f1a del Mar y Valpara\u00edso &nbsp; Viajar entre el Aeropuerto Arturo Merino Ben\u00edtez (SCL) y la Regi\u00f3n...<\/p>\t\t<\/div>\n\t\t\n\t\t<a class=\"elementor-post__read-more\" href=\"https:\/\/turisvina.cl\/en\/transfer-privado-aeropuerto-santiago-a-vina-del-mar-y-valparaiso\/\" aria-label=\"Read more about Transfer Privado Aeropuerto Santiago a Vi\u00f1a del Mar y Valpara\u00edso\" tabindex=\"-1\" >\n\t\t\tLeer m\u00e1s \u00bb\t\t<\/a>\n\n\t\t\t\t<\/div>\n\t\t\t\t\t<\/div>\n\t\t<\/article>\n\t\t\t\t<article class=\"elementor-post elementor-grid-item post-4297 post type-post status-publish format-standard has-post-thumbnail hentry category-cultura-y-panoramas category-turismo tag-oceano-pasacalle tag-panoramas-culturales tag-teatro-a-mil tag-valparaiso tag-verano-2026\" role=\"listitem\">\n\t\t\t<div class=\"elementor-post__card\">\n\t\t\t\t<a class=\"elementor-post__thumbnail__link\" href=\"https:\/\/turisvina.cl\/en\/oceano-pasacalle-llega-a-valparaiso-una-experiencia-artistica-nocturna-junto-al-mar\/\" tabindex=\"-1\" ><div class=\"elementor-post__thumbnail\"><img loading=\"lazy\" decoding=\"async\" width=\"1024\" height=\"538\" src=\"https:\/\/turisvina.cl\/wp-content\/uploads\/2026\/01\/ballena-en-la-calle-1024x538.jpg\" class=\"attachment-large size-large wp-image-4298\" alt=\"ballena en la calle\" srcset=\"https:\/\/turisvina.cl\/wp-content\/uploads\/2026\/01\/ballena-en-la-calle-1024x538.jpg 1024w, https:\/\/turisvina.cl\/wp-content\/uploads\/2026\/01\/ballena-en-la-calle-300x158.jpg 300w, https:\/\/turisvina.cl\/wp-content\/uploads\/2026\/01\/ballena-en-la-calle-768x403.jpg 768w, https:\/\/turisvina.cl\/wp-content\/uploads\/2026\/01\/ballena-en-la-calle-18x9.jpg 18w, https:\/\/turisvina.cl\/wp-content\/uploads\/2026\/01\/ballena-en-la-calle-360x189.jpg 360w, https:\/\/turisvina.cl\/wp-content\/uploads\/2026\/01\/ballena-en-la-calle-373x196.jpg 373w, https:\/\/turisvina.cl\/wp-content\/uploads\/2026\/01\/ballena-en-la-calle-620x326.jpg 620w, https:\/\/turisvina.cl\/wp-content\/uploads\/2026\/01\/ballena-en-la-calle-460x242.jpg 460w, https:\/\/turisvina.cl\/wp-content\/uploads\/2026\/01\/ballena-en-la-calle-365x192.jpg 365w, https:\/\/turisvina.cl\/wp-content\/uploads\/2026\/01\/ballena-en-la-calle-24x13.jpg 24w, https:\/\/turisvina.cl\/wp-content\/uploads\/2026\/01\/ballena-en-la-calle-36x19.jpg 36w, https:\/\/turisvina.cl\/wp-content\/uploads\/2026\/01\/ballena-en-la-calle-48x25.jpg 48w, https:\/\/turisvina.cl\/wp-content\/uploads\/2026\/01\/ballena-en-la-calle.jpg 1200w\" sizes=\"(max-width: 1024px) 100vw, 1024px\" \/><\/div><\/a>\n\t\t\t\t<div class=\"elementor-post__badge\">Cultura y panoramas<\/div>\n\t\t\t\t<div class=\"elementor-post__text\">\n\t\t\t\t<h3 class=\"elementor-post__title\">\n\t\t\t<a href=\"https:\/\/turisvina.cl\/en\/oceano-pasacalle-llega-a-valparaiso-una-experiencia-artistica-nocturna-junto-al-mar\/\" >\n\t\t\t\tOc\u00e9ano Pasacalle llega a Valpara\u00edso: una experiencia art\u00edstica nocturna junto al mar\t\t\t<\/a>\n\t\t<\/h3>\n\t\t\t\t<div class=\"elementor-post__excerpt\">\n\t\t\t<p class=\"tx-excerpt\">Valpara\u00edso vuelve a convertirse en escenario a cielo abierto este verano. El martes 20 de enero a las 21:30 horas, llega a la ciudad Oc\u00e9ano Pasacalle, una propuesta art\u00edstica presentada por el Festival Internacional Teatro...<\/p>\t\t<\/div>\n\t\t\n\t\t<a class=\"elementor-post__read-more\" href=\"https:\/\/turisvina.cl\/en\/oceano-pasacalle-llega-a-valparaiso-una-experiencia-artistica-nocturna-junto-al-mar\/\" aria-label=\"Read more about Oc\u00e9ano Pasacalle llega a Valpara\u00edso: una experiencia art\u00edstica nocturna junto al mar\" tabindex=\"-1\" >\n\t\t\tLeer m\u00e1s \u00bb\t\t<\/a>\n\n\t\t\t\t<\/div>\n\t\t\t\t\t<\/div>\n\t\t<\/article>\n\t\t\t\t<article class=\"elementor-post elementor-grid-item post-4288 post type-post status-publish format-standard has-post-thumbnail hentry category-ecoturismo category-playas-y-borde-costero category-vina-del-mar tag-borde-costero tag-las-salinas tag-turismo-local tag-vina-del-mar\" role=\"listitem\">\n\t\t\t<div class=\"elementor-post__card\">\n\t\t\t\t<a class=\"elementor-post__thumbnail__link\" href=\"https:\/\/turisvina.cl\/en\/playa-escondida-de-las-salinas-el-rincon-secreto-de-vina-del-mar-que-pocos-conocen\/\" tabindex=\"-1\" ><div class=\"elementor-post__thumbnail\"><img loading=\"lazy\" decoding=\"async\" width=\"744\" height=\"426\" src=\"https:\/\/turisvina.cl\/wp-content\/uploads\/2026\/01\/5d7e2dc0b6660-621478-e1767993020462.webp\" class=\"attachment-large size-large wp-image-4291\" alt=\"M\u00e1gico Balneario\" srcset=\"https:\/\/turisvina.cl\/wp-content\/uploads\/2026\/01\/5d7e2dc0b6660-621478-e1767993020462.webp 744w, https:\/\/turisvina.cl\/wp-content\/uploads\/2026\/01\/5d7e2dc0b6660-621478-e1767993020462-300x172.webp 300w, https:\/\/turisvina.cl\/wp-content\/uploads\/2026\/01\/5d7e2dc0b6660-621478-e1767993020462-18x10.webp 18w, https:\/\/turisvina.cl\/wp-content\/uploads\/2026\/01\/5d7e2dc0b6660-621478-e1767993020462-360x206.webp 360w, https:\/\/turisvina.cl\/wp-content\/uploads\/2026\/01\/5d7e2dc0b6660-621478-e1767993020462-373x214.webp 373w, https:\/\/turisvina.cl\/wp-content\/uploads\/2026\/01\/5d7e2dc0b6660-621478-e1767993020462-620x355.webp 620w, https:\/\/turisvina.cl\/wp-content\/uploads\/2026\/01\/5d7e2dc0b6660-621478-e1767993020462-460x263.webp 460w, https:\/\/turisvina.cl\/wp-content\/uploads\/2026\/01\/5d7e2dc0b6660-621478-e1767993020462-365x209.webp 365w, https:\/\/turisvina.cl\/wp-content\/uploads\/2026\/01\/5d7e2dc0b6660-621478-e1767993020462-24x14.webp 24w, https:\/\/turisvina.cl\/wp-content\/uploads\/2026\/01\/5d7e2dc0b6660-621478-e1767993020462-36x21.webp 36w, https:\/\/turisvina.cl\/wp-content\/uploads\/2026\/01\/5d7e2dc0b6660-621478-e1767993020462-48x27.webp 48w\" sizes=\"(max-width: 744px) 100vw, 744px\" \/><\/div><\/a>\n\t\t\t\t<div class=\"elementor-post__badge\">Ecotourism<\/div>\n\t\t\t\t<div class=\"elementor-post__text\">\n\t\t\t\t<h3 class=\"elementor-post__title\">\n\t\t\t<a href=\"https:\/\/turisvina.cl\/en\/playa-escondida-de-las-salinas-el-rincon-secreto-de-vina-del-mar-que-pocos-conocen\/\" >\n\t\t\t\tPlaya escondida de Las Salinas: el rinc\u00f3n secreto de Vi\u00f1a del Mar que pocos conocen\t\t\t<\/a>\n\t\t<\/h3>\n\t\t\t\t<div class=\"elementor-post__excerpt\">\n\t\t\t<p class=\"tx-excerpt\">En una ciudad tan recorrida como Vi\u00f1a del Mar, todav\u00eda existen espacios que pasan desapercibidos. La playa escondida de Las Salinas es uno de ellos. Ubicada en un sector urbano, pero fuera del circuito tur\u00edstico...<\/p>\t\t<\/div>\n\t\t\n\t\t<a class=\"elementor-post__read-more\" href=\"https:\/\/turisvina.cl\/en\/playa-escondida-de-las-salinas-el-rincon-secreto-de-vina-del-mar-que-pocos-conocen\/\" aria-label=\"Read more about Playa escondida de Las Salinas: el rinc\u00f3n secreto de Vi\u00f1a del Mar que pocos conocen\" tabindex=\"-1\" >\n\t\t\tLeer m\u00e1s \u00bb\t\t<\/a>\n\n\t\t\t\t<\/div>\n\t\t\t\t\t<\/div>\n\t\t<\/article>\n\t\t\t\t<article class=\"elementor-post elementor-grid-item post-4411 post type-post status-publish format-standard has-post-thumbnail hentry category-empresas category-transfer-aeropuerto category-transfer-privado tag-cero-estres tag-eventos-en-valparaiso tag-eventos-en-vina-del-mar tag-ida-y-regreso tag-ruta-68 tag-servicio-con-espera tag-transfer-valparaiso tag-transporte-concon tag-transporte-empresarial tag-transporte-interior-region tag-transporte-renaca tag-transporte-santiago-vina tag-transporte-vina-del-mar tag-traslado-ejecutivo\" role=\"listitem\">\n\t\t\t<div class=\"elementor-post__card\">\n\t\t\t\t<a class=\"elementor-post__thumbnail__link\" href=\"https:\/\/turisvina.cl\/en\/4411-2\/\" tabindex=\"-1\" ><div class=\"elementor-post__thumbnail\"><img loading=\"lazy\" decoding=\"async\" width=\"1024\" height=\"576\" src=\"https:\/\/turisvina.cl\/wp-content\/uploads\/2026\/02\/transporte-para-eventos-1-1024x576.png\" class=\"attachment-large size-large wp-image-4428\" alt=\"transporte para eventos\" srcset=\"https:\/\/turisvina.cl\/wp-content\/uploads\/2026\/02\/transporte-para-eventos-1-1024x576.png 1024w, https:\/\/turisvina.cl\/wp-content\/uploads\/2026\/02\/transporte-para-eventos-1-300x169.png 300w, https:\/\/turisvina.cl\/wp-content\/uploads\/2026\/02\/transporte-para-eventos-1-768x432.png 768w, https:\/\/turisvina.cl\/wp-content\/uploads\/2026\/02\/transporte-para-eventos-1-1536x864.png 1536w, https:\/\/turisvina.cl\/wp-content\/uploads\/2026\/02\/transporte-para-eventos-1-18x10.png 18w, https:\/\/turisvina.cl\/wp-content\/uploads\/2026\/02\/transporte-para-eventos-1-360x203.png 360w, https:\/\/turisvina.cl\/wp-content\/uploads\/2026\/02\/transporte-para-eventos-1-373x210.png 373w, https:\/\/turisvina.cl\/wp-content\/uploads\/2026\/02\/transporte-para-eventos-1-620x349.png 620w, https:\/\/turisvina.cl\/wp-content\/uploads\/2026\/02\/transporte-para-eventos-1-460x259.png 460w, https:\/\/turisvina.cl\/wp-content\/uploads\/2026\/02\/transporte-para-eventos-1-365x205.png 365w, https:\/\/turisvina.cl\/wp-content\/uploads\/2026\/02\/transporte-para-eventos-1-24x14.png 24w, https:\/\/turisvina.cl\/wp-content\/uploads\/2026\/02\/transporte-para-eventos-1-36x20.png 36w, https:\/\/turisvina.cl\/wp-content\/uploads\/2026\/02\/transporte-para-eventos-1-48x27.png 48w, https:\/\/turisvina.cl\/wp-content\/uploads\/2026\/02\/transporte-para-eventos-1.png 1600w\" sizes=\"(max-width: 1024px) 100vw, 1024px\" \/><\/div><\/a>\n\t\t\t\t<div class=\"elementor-post__badge\">Companies<\/div>\n\t\t\t\t<div class=\"elementor-post__text\">\n\t\t\t\t<h3 class=\"elementor-post__title\">\n\t\t\t<a href=\"https:\/\/turisvina.cl\/en\/4411-2\/\" >\n\t\t\t\tTransporte a eventos en Vi\u00f1a\/Valpo: horario, espera, ida y regreso, \u201ccero estr\u00e9s\u201d\t\t\t<\/a>\n\t\t<\/h3>\n\t\t\t\t<div class=\"elementor-post__excerpt\">\n\t\t\t<p class=\"tx-excerpt\">TurisVi\u00f1a \u00b7 Transporte Corporativo y Eventos Transporte para Eventos en Vi\u00f1a del Mar, Valpara\u00edso y Santiago: Log\u00edstica Integral con TurisVi\u00f1a Cuando hablamos de transporte para eventos en Vi\u00f1a del Mar, Valpara\u00edso, Conc\u00f3n, Re\u00f1aca y la...<\/p>\t\t<\/div>\n\t\t\n\t\t<a class=\"elementor-post__read-more\" href=\"https:\/\/turisvina.cl\/en\/4411-2\/\" aria-label=\"Read more about Transporte a eventos en Vi\u00f1a\/Valpo: horario, espera, ida y regreso, \u201ccero estr\u00e9s\u201d\" tabindex=\"-1\" >\n\t\t\tLeer m\u00e1s \u00bb\t\t<\/a>\n\n\t\t\t\t<\/div>\n\t\t\t\t\t<\/div>\n\t\t<\/article>\n\t\t\t\t<\/div>\n\t\t\t\t\t<span class=\"e-load-more-spinner\">\n\t\t\t\t<svg aria-hidden=\"true\" class=\"e-font-icon-svg e-fas-spinner\" viewbox=\"0 0 512 512\" xmlns=\"http:\/\/www.w3.org\/2000\/svg\"><path d=\"M304 48c0 26.51-21.49 48-48 48s-48-21.49-48-48 21.49-48 48-48 48 21.49 48 48zm-48 368c-26.51 0-48 21.49-48 48s21.49 48 48 48 48-21.49 48-48-21.49-48-48-48zm208-208c-26.51 0-48 21.49-48 48s21.49 48 48 48 48-21.49 48-48-21.49-48-48-48zM96 256c0-26.51-21.49-48-48-48S0 229.49 0 256s21.49 48 48 48 48-21.49 48-48zm12.922 99.078c-26.51 0-48 21.49-48 48s21.49 48 48 48 48-21.49 48-48c0-26.509-21.491-48-48-48zm294.156 0c-26.51 0-48 21.49-48 48s21.49 48 48 48 48-21.49 48-48c0-26.509-21.49-48-48-48zM108.922 60.922c-26.51 0-48 21.49-48 48s21.49 48 48 48 48-21.49 48-48-21.491-48-48-48z\"><\/path><\/svg>\t\t\t<\/span>\n\t\t\n\t\t\t\t<div class=\"e-load-more-anchor\" data-page=\"1\" data-max-page=\"2\" data-next-page=\"https:\/\/turisvina.cl\/en\/wp-json\/wp\/v2\/pages\/1269\/page\/2\/\"><\/div>\n\t\t\t\t<div class=\"elementor-button-wrapper\">\n\t\t\t<a class=\"elementor-button elementor-size-sm\" role=\"button\">\n\t\t\t\t\t\t<span class=\"elementor-button-content-wrapper\">\n\t\t\t\t\t\t\t\t\t<span class=\"elementor-button-text\">Cargar m\u00e1s<\/span>\n\t\t\t\t\t<\/span>\n\t\t\t\t\t<\/a>\n\t\t<\/div>\n\t\t\t\t<div class=\"e-load-more-message\"><\/div>\n\t\t\t\t\t\t<\/div>\n\t\t\t\t<\/div>\n\t\t\t\t\t<\/div>\n\t\t\t\t<\/div>\n\t\t\t\t<\/div>","protected":false},"excerpt":{"rendered":"<p class=\"tx-excerpt\">TurisVi\u00f1a Bienvenido al Blog de TurisVi\u00f1a\n<\/p>","protected":false},"author":1,"featured_media":0,"parent":0,"menu_order":0,"comment_status":"closed","ping_status":"closed","template":"elementor_header_footer","meta":{"footnotes":""},"class_list":["post-1269","page","type-page","status-publish","hentry"],"yoast_head":"<!-- This site is optimized with the Yoast SEO Premium plugin v27.1 (Yoast SEO v27.4) - https:\/\/yoast.com\/product\/yoast-seo-premium-wordpress\/ -->\n<title>Blog de Viajes y Transporte | Tips y Noticias de TurisVi\u00f1a<\/title>\n<meta name=\"description\" content=\"Explora nuestro blog con consejos de viaje, destinos destacados y novedades sobre transporte en Chile. Mantente informado y planifica mejor.\" \/>\n<meta name=\"robots\" content=\"index, follow, max-snippet:-1, max-image-preview:large, max-video-preview:-1\" \/>\n<link rel=\"canonical\" href=\"https:\/\/turisvina.cl\/en\/blog\/\" \/>\n<meta property=\"og:locale\" content=\"en_US\" \/>\n<meta property=\"og:type\" content=\"article\" \/>\n<meta property=\"og:title\" content=\"Blog\" \/>\n<meta property=\"og:description\" content=\"Explora nuestro blog con consejos de viaje, destinos destacados y novedades sobre transporte en Chile. Mantente informado y planifica mejor.\" \/>\n<meta property=\"og:url\" content=\"https:\/\/turisvina.cl\/en\/blog\/\" \/>\n<meta property=\"og:site_name\" content=\"Turisvi\u00f1a\" \/>\n<meta property=\"article:modified_time\" content=\"2026-02-20T19:06:44+00:00\" \/>\n<meta name=\"twitter:card\" content=\"summary_large_image\" \/>\n<meta name=\"twitter:label1\" content=\"Est. reading time\" \/>\n\t<meta name=\"twitter:data1\" content=\"3 minutes\" \/>\n<script type=\"application\/ld+json\" class=\"yoast-schema-graph\">{\"@context\":\"https:\\\/\\\/schema.org\",\"@graph\":[{\"@type\":\"WebPage\",\"@id\":\"https:\\\/\\\/turisvina.cl\\\/blog\\\/\",\"url\":\"https:\\\/\\\/turisvina.cl\\\/blog\\\/\",\"name\":\"Blog de Viajes y Transporte | Tips y Noticias de TurisVi\u00f1a\",\"isPartOf\":{\"@id\":\"https:\\\/\\\/turisvina.cl\\\/#website\"},\"datePublished\":\"2024-03-26T04:55:50+00:00\",\"dateModified\":\"2026-02-20T19:06:44+00:00\",\"description\":\"Explora nuestro blog con consejos de viaje, destinos destacados y novedades sobre transporte en Chile. Mantente informado y planifica mejor.\",\"breadcrumb\":{\"@id\":\"https:\\\/\\\/turisvina.cl\\\/blog\\\/#breadcrumb\"},\"inLanguage\":\"en-US\",\"potentialAction\":[{\"@type\":\"ReadAction\",\"target\":[\"https:\\\/\\\/turisvina.cl\\\/blog\\\/\"]}]},{\"@type\":\"BreadcrumbList\",\"@id\":\"https:\\\/\\\/turisvina.cl\\\/blog\\\/#breadcrumb\",\"itemListElement\":[{\"@type\":\"ListItem\",\"position\":1,\"name\":\"Portada\",\"item\":\"https:\\\/\\\/turisvina.cl\\\/\"},{\"@type\":\"ListItem\",\"position\":2,\"name\":\"Blog\"}]},{\"@type\":\"WebSite\",\"@id\":\"https:\\\/\\\/turisvina.cl\\\/#website\",\"url\":\"https:\\\/\\\/turisvina.cl\\\/\",\"name\":\"Turisvi\u00f1a\",\"description\":\"\",\"publisher\":{\"@id\":\"https:\\\/\\\/turisvina.cl\\\/#organization\"},\"potentialAction\":[{\"@type\":\"SearchAction\",\"target\":{\"@type\":\"EntryPoint\",\"urlTemplate\":\"https:\\\/\\\/turisvina.cl\\\/?s={search_term_string}\"},\"query-input\":{\"@type\":\"PropertyValueSpecification\",\"valueRequired\":true,\"valueName\":\"search_term_string\"}}],\"inLanguage\":\"en-US\"},{\"@type\":\"Organization\",\"@id\":\"https:\\\/\\\/turisvina.cl\\\/#organization\",\"name\":\"Turisvi\u00f1a\",\"url\":\"https:\\\/\\\/turisvina.cl\\\/\",\"logo\":{\"@type\":\"ImageObject\",\"inLanguage\":\"en-US\",\"@id\":\"https:\\\/\\\/turisvina.cl\\\/#\\\/schema\\\/logo\\\/image\\\/\",\"url\":\"https:\\\/\\\/turisvina.cl\\\/wp-content\\\/uploads\\\/2024\\\/03\\\/turisvinalogo.png\",\"contentUrl\":\"https:\\\/\\\/turisvina.cl\\\/wp-content\\\/uploads\\\/2024\\\/03\\\/turisvinalogo.png\",\"width\":766,\"height\":315,\"caption\":\"Turisvi\u00f1a\"},\"image\":{\"@id\":\"https:\\\/\\\/turisvina.cl\\\/#\\\/schema\\\/logo\\\/image\\\/\"}}]}<\/script>\n<!-- \/ Yoast SEO Premium plugin. -->","yoast_head_json":{"title":"Blog de Viajes y Transporte | Tips y Noticias de TurisVi\u00f1a","description":"Explora nuestro blog con consejos de viaje, destinos destacados y novedades sobre transporte en Chile. Mantente informado y planifica mejor.","robots":{"index":"index","follow":"follow","max-snippet":"max-snippet:-1","max-image-preview":"max-image-preview:large","max-video-preview":"max-video-preview:-1"},"canonical":"https:\/\/turisvina.cl\/en\/blog\/","og_locale":"en_US","og_type":"article","og_title":"Blog","og_description":"Explora nuestro blog con consejos de viaje, destinos destacados y novedades sobre transporte en Chile. Mantente informado y planifica mejor.","og_url":"https:\/\/turisvina.cl\/en\/blog\/","og_site_name":"Turisvi\u00f1a","article_modified_time":"2026-02-20T19:06:44+00:00","twitter_card":"summary_large_image","twitter_misc":{"Est. reading time":"3 minutes"},"schema":{"@context":"https:\/\/schema.org","@graph":[{"@type":"WebPage","@id":"https:\/\/turisvina.cl\/blog\/","url":"https:\/\/turisvina.cl\/blog\/","name":"Blog de Viajes y Transporte | Tips y Noticias de TurisVi\u00f1a","isPartOf":{"@id":"https:\/\/turisvina.cl\/#website"},"datePublished":"2024-03-26T04:55:50+00:00","dateModified":"2026-02-20T19:06:44+00:00","description":"Explora nuestro blog con consejos de viaje, destinos destacados y novedades sobre transporte en Chile. Mantente informado y planifica mejor.","breadcrumb":{"@id":"https:\/\/turisvina.cl\/blog\/#breadcrumb"},"inLanguage":"en-US","potentialAction":[{"@type":"ReadAction","target":["https:\/\/turisvina.cl\/blog\/"]}]},{"@type":"BreadcrumbList","@id":"https:\/\/turisvina.cl\/blog\/#breadcrumb","itemListElement":[{"@type":"ListItem","position":1,"name":"Portada","item":"https:\/\/turisvina.cl\/"},{"@type":"ListItem","position":2,"name":"Blog"}]},{"@type":"WebSite","@id":"https:\/\/turisvina.cl\/#website","url":"https:\/\/turisvina.cl\/","name":"Turisvi\u00f1a","description":"","publisher":{"@id":"https:\/\/turisvina.cl\/#organization"},"potentialAction":[{"@type":"SearchAction","target":{"@type":"EntryPoint","urlTemplate":"https:\/\/turisvina.cl\/?s={search_term_string}"},"query-input":{"@type":"PropertyValueSpecification","valueRequired":true,"valueName":"search_term_string"}}],"inLanguage":"en-US"},{"@type":"Organization","@id":"https:\/\/turisvina.cl\/#organization","name":"Turisvi\u00f1a","url":"https:\/\/turisvina.cl\/","logo":{"@type":"ImageObject","inLanguage":"en-US","@id":"https:\/\/turisvina.cl\/#\/schema\/logo\/image\/","url":"https:\/\/turisvina.cl\/wp-content\/uploads\/2024\/03\/turisvinalogo.png","contentUrl":"https:\/\/turisvina.cl\/wp-content\/uploads\/2024\/03\/turisvinalogo.png","width":766,"height":315,"caption":"Turisvi\u00f1a"},"image":{"@id":"https:\/\/turisvina.cl\/#\/schema\/logo\/image\/"}}]}},"_links":{"self":[{"href":"https:\/\/turisvina.cl\/en\/wp-json\/wp\/v2\/pages\/1269","targetHints":{"allow":["GET"]}}],"collection":[{"href":"https:\/\/turisvina.cl\/en\/wp-json\/wp\/v2\/pages"}],"about":[{"href":"https:\/\/turisvina.cl\/en\/wp-json\/wp\/v2\/types\/page"}],"author":[{"embeddable":true,"href":"https:\/\/turisvina.cl\/en\/wp-json\/wp\/v2\/users\/1"}],"replies":[{"embeddable":true,"href":"https:\/\/turisvina.cl\/en\/wp-json\/wp\/v2\/comments?post=1269"}],"version-history":[{"count":22,"href":"https:\/\/turisvina.cl\/en\/wp-json\/wp\/v2\/pages\/1269\/revisions"}],"predecessor-version":[{"id":4440,"href":"https:\/\/turisvina.cl\/en\/wp-json\/wp\/v2\/pages\/1269\/revisions\/4440"}],"wp:attachment":[{"href":"https:\/\/turisvina.cl\/en\/wp-json\/wp\/v2\/media?parent=1269"}],"curies":[{"name":"wp","href":"https:\/\/api.w.org\/{rel}","templated":true}]}}