{"id":3897,"date":"2025-09-11T11:30:04","date_gmt":"2025-09-11T14:30:04","guid":{"rendered":"https:\/\/turisvina.cl\/?page_id=3897"},"modified":"2025-09-11T16:29:17","modified_gmt":"2025-09-11T19:29:17","slug":"vina-herrera-alvarado","status":"publish","type":"page","link":"https:\/\/turisvina.cl\/en\/tour-vinas-del-valle-de-casablanca\/vina-herrera-alvarado\/","title":{"rendered":"Herrera Alvarado Vineyard"},"content":{"rendered":"<div data-elementor-type=\"wp-page\" data-elementor-id=\"3897\" class=\"elementor elementor-3897\" data-elementor-post-type=\"page\">\n\t\t\t\t<div class=\"elementor-element elementor-element-f50afde e-con-full e-flex e-con e-parent\" data-id=\"f50afde\" data-element_type=\"container\" data-e-type=\"container\" data-settings=\"{&quot;background_background&quot;:&quot;classic&quot;}\">\n\t\t<div class=\"elementor-element elementor-element-00483a4 e-flex e-con-boxed elementor-invisible e-con e-child\" data-id=\"00483a4\" data-element_type=\"container\" data-e-type=\"container\" data-settings=\"{&quot;animation&quot;:&quot;fadeInUp&quot;}\">\n\t\t\t\t\t<div class=\"e-con-inner\">\n\t\t\t\t<div class=\"elementor-element elementor-element-f69234e elementor-widget elementor-widget-avas-breadcrumbs\" data-id=\"f69234e\" data-element_type=\"widget\" data-e-type=\"widget\" data-widget_type=\"avas-breadcrumbs.default\">\n\t\t\t\t<div class=\"elementor-widget-container\">\n\t\t\t\t\t<ul class=\"tx-breadcrumbs\">        <li class=\"tx-breadcrumbs-item tx-breadcrumbs-item-home\">\n            <a class=\"tx-breadcrumbs-crumb tx-breadcrumbs-crumb-link tx-breadcrumbs-crumb-home\" href=\"https:\/\/turisvina.cl\/en\" title=\"Home\">\n                <span class=\"tx-breadcrumbs-text\">\n                                        Home                <\/span>\n            <\/a>\n        <\/li>\n        <li class=\"tx-breadcrumbs-separator\">        <li class=\"tx-breadcrumbs-separator\">\n            <span class='tx-breadcrumbs-separator-icon'>\n                <svg aria-hidden=\"true\" class=\"e-font-icon-svg e-fas-angle-right\" viewbox=\"0 0 256 512\" xmlns=\"http:\/\/www.w3.org\/2000\/svg\"><path d=\"M224.3 273l-136 136c-9.4 9.4-24.6 9.4-33.9 0l-22.6-22.6c-9.4-9.4-9.4-24.6 0-33.9l96.4-96.4-96.4-96.4c-9.4-9.4-9.4-24.6 0-33.9L54.3 103c9.4-9.4 24.6-9.4 33.9 0l136 136c9.5 9.4 9.5 24.6.1 34z\"><\/path><\/svg>            <\/span>\n        <\/li>\n        <\/li><\/ul>\t\n\t\t\n\t\t\t\t<\/div>\n\t\t\t\t<\/div>\n\t\t\t\t\t<\/div>\n\t\t\t\t<\/div>\n\t\t<div class=\"elementor-element elementor-element-48ca067 e-flex e-con-boxed elementor-invisible e-con e-child\" data-id=\"48ca067\" data-element_type=\"container\" data-e-type=\"container\" data-settings=\"{&quot;animation&quot;:&quot;fadeInUp&quot;}\">\n\t\t\t\t\t<div class=\"e-con-inner\">\n\t\t<div class=\"elementor-element elementor-element-1f02ae4 e-con-full e-flex e-con e-child\" data-id=\"1f02ae4\" data-element_type=\"container\" data-e-type=\"container\">\n\t\t\t\t<div class=\"elementor-element elementor-element-b20d290 tx-hd-align-left elementor-widget elementor-widget-avas-heading\" data-id=\"b20d290\" data-element_type=\"widget\" data-e-type=\"widget\" data-widget_type=\"avas-heading.default\">\n\t\t\t\t<div class=\"elementor-widget-container\">\n\t\t\t\t\t        <div class=\"tx-hd-wrap\">\n\n            <div class=\"tx-hd-wm\"><\/div>\n\n            \n            <div class=\"tx-hd-sub\">Marga Marga Valley<\/div>\n                        <h1 class=\"tx-hd-title\">\n                <span class=\"tx-hd-first-part\">Herrera Alvarado Vineyard<\/span>\n                <span class=\"tx-hd-last-part\"><\/span>\n            <\/h1>    \n            \n            <div class=\"tx-hd-desc\"><p class=\"subtitle\">Pioneers in natural wines in Chile, rescuing ancestral traditions with a sustainable approach<\/p><\/div>\n\n\n                   \n        <\/div><!-- tx-hd-wrap -->\n\n\n\n\n\n\n\n\n\t\t\t\t<\/div>\n\t\t\t\t<\/div>\n\t\t\t\t<\/div>\n\t\t<div class=\"elementor-element elementor-element-28e7865 e-con-full e-flex e-con e-child\" data-id=\"28e7865\" data-element_type=\"container\" data-e-type=\"container\">\n\t\t\t\t<div class=\"elementor-element elementor-element-b821cbc elementor-widget elementor-widget-image\" data-id=\"b821cbc\" data-element_type=\"widget\" data-e-type=\"widget\" data-widget_type=\"image.default\">\n\t\t\t\t<div class=\"elementor-widget-container\">\n\t\t\t\t\t\t\t\t\t\t\t\t\t\t\t<img fetchpriority=\"high\" decoding=\"async\" width=\"990\" height=\"557\" src=\"https:\/\/turisvina.cl\/wp-content\/uploads\/2025\/09\/vinaheere.jpg\" class=\"attachment-large size-large wp-image-3912\" alt=\"\" srcset=\"https:\/\/turisvina.cl\/wp-content\/uploads\/2025\/09\/vinaheere.jpg 990w, https:\/\/turisvina.cl\/wp-content\/uploads\/2025\/09\/vinaheere-300x169.jpg 300w, https:\/\/turisvina.cl\/wp-content\/uploads\/2025\/09\/vinaheere-768x432.jpg 768w, https:\/\/turisvina.cl\/wp-content\/uploads\/2025\/09\/vinaheere-18x10.jpg 18w, https:\/\/turisvina.cl\/wp-content\/uploads\/2025\/09\/vinaheere-360x203.jpg 360w, https:\/\/turisvina.cl\/wp-content\/uploads\/2025\/09\/vinaheere-373x210.jpg 373w, https:\/\/turisvina.cl\/wp-content\/uploads\/2025\/09\/vinaheere-620x349.jpg 620w, https:\/\/turisvina.cl\/wp-content\/uploads\/2025\/09\/vinaheere-460x259.jpg 460w, https:\/\/turisvina.cl\/wp-content\/uploads\/2025\/09\/vinaheere-365x205.jpg 365w, https:\/\/turisvina.cl\/wp-content\/uploads\/2025\/09\/vinaheere-24x14.jpg 24w, https:\/\/turisvina.cl\/wp-content\/uploads\/2025\/09\/vinaheere-36x20.jpg 36w, https:\/\/turisvina.cl\/wp-content\/uploads\/2025\/09\/vinaheere-48x27.jpg 48w\" sizes=\"(max-width: 990px) 100vw, 990px\" \/>\t\t\t\t\t\t\t\t\t\t\t\t\t\t\t<\/div>\n\t\t\t\t<\/div>\n\t\t\t\t<\/div>\n\t\t\t\t\t<\/div>\n\t\t\t\t<\/div>\n\t\t\t\t<\/div>\n\t\t<div class=\"elementor-element elementor-element-188fd11 e-flex e-con-boxed elementor-invisible e-con e-parent\" data-id=\"188fd11\" data-element_type=\"container\" data-e-type=\"container\" data-settings=\"{&quot;animation&quot;:&quot;fadeInUp&quot;}\">\n\t\t\t\t\t<div class=\"e-con-inner\">\n\t\t<div class=\"elementor-element elementor-element-e789cfc e-con-full e-flex e-con e-child\" data-id=\"e789cfc\" data-element_type=\"container\" data-e-type=\"container\">\n\t\t\t\t<div class=\"elementor-element elementor-element-796be75 tx-hd-align-left elementor-widget elementor-widget-avas-heading\" data-id=\"796be75\" data-element_type=\"widget\" data-e-type=\"widget\" data-widget_type=\"avas-heading.default\">\n\t\t\t\t<div class=\"elementor-widget-container\">\n\t\t\t\t\t        <div class=\"tx-hd-wrap\">\n\n            <div class=\"tx-hd-wm\"><\/div>\n\n            \n            <div class=\"tx-hd-sub\"><\/div>\n                        <h2 class=\"tx-hd-title\">\n                <span class=\"tx-hd-first-part\">About the vineyard<\/span>\n                <span class=\"tx-hd-last-part\"><\/span>\n            <\/h2>    \n            \n            <div class=\"tx-hd-desc\"><p data-start=\"277\" data-end=\"707\">Founded in <strong data-start=\"288\" data-end=\"296\">2003<\/strong> by <strong data-start=\"301\" data-end=\"339\">Carolina Alvarado and Arturo Herrera<\/strong> in it <strong data-start=\"346\" data-end=\"370\">Marga Marga Valley<\/strong>, Vi\u00f1a Herrera Alvarado is recognized as a pioneer in the production of <strong data-start=\"441\" data-end=\"469\">natural wines in Chile<\/strong>, with a strong heritage and cultural value. Its purpose has been to rescue the local winemaking tradition, revaluing ancestral strains such as <strong data-start=\"615\" data-end=\"650\">Country, Muscat Rosada and Cristal<\/strong>, under a focus <strong data-start=\"668\" data-end=\"704\">artisanal, natural and sustainable<\/strong>.<\/p><p data-start=\"277\" data-end=\"707\">With barely <strong data-start=\"747\" data-end=\"785\">1.5 hectares of dry-farmed vineyards<\/strong>, the vineyard develops in a unique terroir influenced by the <strong data-start=\"849\" data-end=\"868\">coastal trough<\/strong> and soils of <strong data-start=\"881\" data-end=\"901\">quartz and clay<\/strong>, factors that give identity and character to its wines. This environment is also located in the middle of the <strong data-start=\"1006\" data-end=\"1028\">sclerophyllous forest<\/strong>, which enhances biodiversity and gives rise to a project deeply connected with nature.<\/p><\/div>\n\n\n                   \n        <\/div><!-- tx-hd-wrap -->\n\n\n\n\n\n\n\n\n\t\t\t\t<\/div>\n\t\t\t\t<\/div>\n\t\t\t\t<\/div>\n\t\t<div class=\"elementor-element elementor-element-bc73fa5 e-con-full e-flex e-con e-child\" data-id=\"bc73fa5\" data-element_type=\"container\" data-e-type=\"container\">\n\t\t<div class=\"elementor-element elementor-element-a7358dc e-con-full e-grid e-con e-child\" data-id=\"a7358dc\" data-element_type=\"container\" data-e-type=\"container\">\n\t\t\t\t<div class=\"elementor-element elementor-element-2e327c2 tx-hd-align-center elementor-widget elementor-widget-avas-heading\" data-id=\"2e327c2\" data-element_type=\"widget\" data-e-type=\"widget\" data-widget_type=\"avas-heading.default\">\n\t\t\t\t<div class=\"elementor-widget-container\">\n\t\t\t\t\t        <div class=\"tx-hd-wrap\">\n\n            <div class=\"tx-hd-wm\"><\/div>\n\n            \n            <div class=\"tx-hd-sub\"><\/div>\n                        <h2 class=\"tx-hd-title\">\n                <span class=\"tx-hd-first-part\">2003<\/span>\n                <span class=\"tx-hd-last-part\"><\/span>\n            <\/h2>    \n            \n            <div class=\"tx-hd-desc\"><p class=\"subtitle\">Foundation<\/p><\/div>\n\n\n                   \n        <\/div><!-- tx-hd-wrap -->\n\n\n\n\n\n\n\n\n\t\t\t\t<\/div>\n\t\t\t\t<\/div>\n\t\t\t\t<div class=\"elementor-element elementor-element-6bbea86 tx-hd-align-center elementor-widget elementor-widget-avas-heading\" data-id=\"6bbea86\" data-element_type=\"widget\" data-e-type=\"widget\" data-widget_type=\"avas-heading.default\">\n\t\t\t\t<div class=\"elementor-widget-container\">\n\t\t\t\t\t        <div class=\"tx-hd-wrap\">\n\n            <div class=\"tx-hd-wm\"><\/div>\n\n            \n            <div class=\"tx-hd-sub\"><\/div>\n                        <h2 class=\"tx-hd-title\">\n                <span class=\"tx-hd-first-part\">1.5 ha<\/span>\n                <span class=\"tx-hd-last-part\"><\/span>\n            <\/h2>    \n            \n            <div class=\"tx-hd-desc\"><p class=\"subtitle\">Vineyards<\/p><\/div>\n\n\n                   \n        <\/div><!-- tx-hd-wrap -->\n\n\n\n\n\n\n\n\n\t\t\t\t<\/div>\n\t\t\t\t<\/div>\n\t\t\t\t<div class=\"elementor-element elementor-element-d887440 tx-hd-align-center elementor-widget elementor-widget-avas-heading\" data-id=\"d887440\" data-element_type=\"widget\" data-e-type=\"widget\" data-widget_type=\"avas-heading.default\">\n\t\t\t\t<div class=\"elementor-widget-container\">\n\t\t\t\t\t        <div class=\"tx-hd-wrap\">\n\n            <div class=\"tx-hd-wm\"><\/div>\n\n            \n            <div class=\"tx-hd-sub\"><\/div>\n                        <h2 class=\"tx-hd-title\">\n                <span class=\"tx-hd-first-part\">Coastal climate<\/span>\n                <span class=\"tx-hd-last-part\"><\/span>\n            <\/h2>    \n            \n            <div class=\"tx-hd-desc\"><p class=\"subtitle\">Specialization<\/p><\/div>\n\n\n                   \n        <\/div><!-- tx-hd-wrap -->\n\n\n\n\n\n\n\n\n\t\t\t\t<\/div>\n\t\t\t\t<\/div>\n\t\t\t\t<\/div>\n\t\t\t\t<\/div>\n\t\t\t\t\t<\/div>\n\t\t\t\t<\/div>\n\t\t<div class=\"elementor-element elementor-element-8647a89 e-flex e-con-boxed elementor-invisible e-con e-parent\" data-id=\"8647a89\" data-element_type=\"container\" data-e-type=\"container\" data-settings=\"{&quot;animation&quot;:&quot;fadeInUp&quot;}\">\n\t\t\t\t\t<div class=\"e-con-inner\">\n\t\t\t\t<div class=\"elementor-element elementor-element-74cd1f0 tx-hd-align-center elementor-invisible elementor-widget elementor-widget-avas-heading\" data-id=\"74cd1f0\" data-element_type=\"widget\" data-e-type=\"widget\" data-settings=\"{&quot;_animation&quot;:&quot;fadeInUp&quot;}\" data-widget_type=\"avas-heading.default\">\n\t\t\t\t<div class=\"elementor-widget-container\">\n\t\t\t\t\t        <div class=\"tx-hd-wrap\">\n\n            <div class=\"tx-hd-wm\"><\/div>\n\n            \n            <div class=\"tx-hd-sub\"><\/div>\n                        <h2 class=\"tx-hd-title\">\n                <span class=\"tx-hd-first-part\">Tours available<\/span>\n                <span class=\"tx-hd-last-part\"><\/span>\n            <\/h2>    \n            \n            <div class=\"tx-hd-desc\"><\/div>\n\n\n                   \n        <\/div><!-- tx-hd-wrap -->\n\n\n\n\n\n\n\n\n\t\t\t\t<\/div>\n\t\t\t\t<\/div>\n\t\t\t\t\t<\/div>\n\t\t\t\t<\/div>\n\t\t<div class=\"elementor-element elementor-element-532240f e-flex e-con-boxed elementor-invisible e-con e-parent\" data-id=\"532240f\" data-element_type=\"container\" data-e-type=\"container\" data-settings=\"{&quot;animation&quot;:&quot;fadeInUp&quot;,&quot;animation_delay&quot;:100}\">\n\t\t\t\t\t<div class=\"e-con-inner\">\n\t\t<div class=\"elementor-element elementor-element-6c05039 e-con-full e-flex e-con e-child\" data-id=\"6c05039\" data-element_type=\"container\" data-e-type=\"container\">\n\t\t\t\t<div class=\"elementor-element elementor-element-922f647 tx-hd-align-center elementor-widget elementor-widget-avas-heading\" data-id=\"922f647\" data-element_type=\"widget\" data-e-type=\"widget\" data-widget_type=\"avas-heading.default\">\n\t\t\t\t<div class=\"elementor-widget-container\">\n\t\t\t\t\t        <div class=\"tx-hd-wrap\">\n\n            <div class=\"tx-hd-wm\"><\/div>\n\n            \n            <div class=\"tx-hd-sub\">Herrera Alvarado Vineyard<\/div>\n                        <h2 class=\"tx-hd-title\">\n                <span class=\"tx-hd-first-part\">Group Tour<\/span>\n                <span class=\"tx-hd-last-part\"><\/span>\n            <\/h2>    \n            \n            <div class=\"tx-hd-desc\"><p><strong>Includes:<\/strong> Welcome and introduction to the surroundings, Guided tour of sclerophyllous forest, Vineyard visit, Outdoor tasting of two natural wines, Winery visit, Wine tasting of a third wine in the winery, Pairing with local products.<\/p><\/div>\n\n\n                   \n        <\/div><!-- tx-hd-wrap -->\n\n\n\n\n\n\n\n\n\t\t\t\t<\/div>\n\t\t\t\t<\/div>\n\t\t\t\t<div class=\"elementor-element elementor-element-fa5ccb0 elementor-widget elementor-widget-text-editor\" data-id=\"fa5ccb0\" data-element_type=\"widget\" data-e-type=\"widget\" data-widget_type=\"text-editor.default\">\n\t\t\t\t<div class=\"elementor-widget-container\">\n\t\t\t\t\t\t\t\t\t<p><strong>Duration:<\/strong> 60-90 minutes<\/p>\t\t\t\t\t\t\t\t<\/div>\n\t\t\t\t<\/div>\n\t\t\t\t<\/div>\n\t\t<div class=\"elementor-element elementor-element-2bfc961 e-con-full e-flex e-con e-child\" data-id=\"2bfc961\" data-element_type=\"container\" data-e-type=\"container\">\n\t\t\t\t<div class=\"elementor-element elementor-element-b8ac05d tx-hd-align-center elementor-widget elementor-widget-avas-heading\" data-id=\"b8ac05d\" data-element_type=\"widget\" data-e-type=\"widget\" data-widget_type=\"avas-heading.default\">\n\t\t\t\t<div class=\"elementor-widget-container\">\n\t\t\t\t\t        <div class=\"tx-hd-wrap\">\n\n            <div class=\"tx-hd-wm\"><\/div>\n\n            \n            <div class=\"tx-hd-sub\">Herrera Alvarado Vineyard<\/div>\n                        <h2 class=\"tx-hd-title\">\n                <span class=\"tx-hd-first-part\">Group Tour<\/span>\n                <span class=\"tx-hd-last-part\"><\/span>\n            <\/h2>    \n            \n            <div class=\"tx-hd-desc\"><p><strong>Includes:<\/strong> Welcome + tour of the sclerophyllous forest, vineyard visit, tasting of three natural wines, visit to the winery with artisanal processes, and pairing with local products.<\/p><\/div>\n\n\n                   \n        <\/div><!-- tx-hd-wrap -->\n\n\n\n\n\n\n\n\n\t\t\t\t<\/div>\n\t\t\t\t<\/div>\n\t\t\t\t<div class=\"elementor-element elementor-element-9695d1c elementor-widget elementor-widget-text-editor\" data-id=\"9695d1c\" data-element_type=\"widget\" data-e-type=\"widget\" data-widget_type=\"text-editor.default\">\n\t\t\t\t<div class=\"elementor-widget-container\">\n\t\t\t\t\t\t\t\t\t<p><strong>Duration:<\/strong> 120 minutes<\/p>\t\t\t\t\t\t\t\t<\/div>\n\t\t\t\t<\/div>\n\t\t\t\t<\/div>\n\t\t\t\t\t<\/div>\n\t\t\t\t<\/div>\n\t\t<div class=\"elementor-element elementor-element-1d30894 e-flex e-con-boxed elementor-invisible e-con e-parent\" data-id=\"1d30894\" data-element_type=\"container\" data-e-type=\"container\" data-settings=\"{&quot;animation&quot;:&quot;fadeInUp&quot;}\">\n\t\t\t\t\t<div class=\"e-con-inner\">\n\t\t\t\t<div class=\"elementor-element elementor-element-724683e tx-hd-align-center elementor-invisible elementor-widget elementor-widget-avas-heading\" data-id=\"724683e\" data-element_type=\"widget\" data-e-type=\"widget\" data-settings=\"{&quot;_animation&quot;:&quot;fadeInUp&quot;}\" data-widget_type=\"avas-heading.default\">\n\t\t\t\t<div class=\"elementor-widget-container\">\n\t\t\t\t\t        <div class=\"tx-hd-wrap\">\n\n            <div class=\"tx-hd-wm\"><\/div>\n\n            \n            <div class=\"tx-hd-sub\"><\/div>\n                        <h2 class=\"tx-hd-title\">\n                <span class=\"tx-hd-first-part\">Recognitions and awards<\/span>\n                <span class=\"tx-hd-last-part\"><\/span>\n            <\/h2>    \n            \n            <div class=\"tx-hd-desc\"><\/div>\n\n\n                   \n        <\/div><!-- tx-hd-wrap -->\n\n\n\n\n\n\n\n\n\t\t\t\t<\/div>\n\t\t\t\t<\/div>\n\t\t<div class=\"elementor-element elementor-element-5c508cc e-con-full e-flex elementor-invisible e-con e-child\" data-id=\"5c508cc\" data-element_type=\"container\" data-e-type=\"container\" data-settings=\"{&quot;animation&quot;:&quot;fadeInUp&quot;}\">\n\t\t\t\t<div class=\"elementor-element elementor-element-d01ca41 tx-hd-align-left elementor-widget elementor-widget-avas-heading\" data-id=\"d01ca41\" data-element_type=\"widget\" data-e-type=\"widget\" data-widget_type=\"avas-heading.default\">\n\t\t\t\t<div class=\"elementor-widget-container\">\n\t\t\t\t\t        <div class=\"tx-hd-wrap\">\n\n            <div class=\"tx-hd-wm\"><\/div>\n\n            \n            <div class=\"tx-hd-sub\"><\/div>\n                        <h2 class=\"tx-hd-title\">\n                <span class=\"tx-hd-first-part\">Featured by The New York Times<\/span>\n                <span class=\"tx-hd-last-part\"><\/span>\n            <\/h2>    \n            \n            <div class=\"tx-hd-desc\"><p>The Pinot Noir wine \u201cCuero de Vaca\u201d from Vi\u00f1a Herrera Alvarado was singled out in <em data-start=\"250\" data-end=\"270\">The New York Times<\/em> as one of the Chilean wines with identity that should be known.<\/p><\/div>\n\n\n                   \n        <\/div><!-- tx-hd-wrap -->\n\n\n\n\n\n\n\n\n\t\t\t\t<\/div>\n\t\t\t\t<\/div>\n\t\t\t\t<div class=\"elementor-element elementor-element-410906e tx-hd-align-left elementor-widget elementor-widget-avas-heading\" data-id=\"410906e\" data-element_type=\"widget\" data-e-type=\"widget\" data-widget_type=\"avas-heading.default\">\n\t\t\t\t<div class=\"elementor-widget-container\">\n\t\t\t\t\t        <div class=\"tx-hd-wrap\">\n\n            <div class=\"tx-hd-wm\"><\/div>\n\n            \n            <div class=\"tx-hd-sub\"><\/div>\n                        <h2 class=\"tx-hd-title\">\n                <span class=\"tx-hd-first-part\">Women Export 2023 by ProChile<\/span>\n                <span class=\"tx-hd-last-part\"><\/span>\n            <\/h2>    \n            \n            <div class=\"tx-hd-desc\"><p><strong data-start=\"1786\" data-end=\"1807\">Carolina Alvarado<\/strong> was recognized for her leadership in the internationalization of Chilean natural wine.<\/p><\/div>\n\n\n                   \n        <\/div><!-- tx-hd-wrap -->\n\n\n\n\n\n\n\n\n\t\t\t\t<\/div>\n\t\t\t\t<\/div>\n\t\t\t\t<div class=\"elementor-element elementor-element-e992ba8 tx-hd-align-left elementor-widget elementor-widget-avas-heading\" data-id=\"e992ba8\" data-element_type=\"widget\" data-e-type=\"widget\" data-widget_type=\"avas-heading.default\">\n\t\t\t\t<div class=\"elementor-widget-container\">\n\t\t\t\t\t        <div class=\"tx-hd-wrap\">\n\n            <div class=\"tx-hd-wm\"><\/div>\n\n            \n            <div class=\"tx-hd-sub\"><\/div>\n                        <h2 class=\"tx-hd-title\">\n                <span class=\"tx-hd-first-part\">Chilean Wine Innovation Award<\/span>\n                <span class=\"tx-hd-last-part\"><\/span>\n            <\/h2>    \n            \n            <div class=\"tx-hd-desc\"><p>An important recognition that highlights its commitment to natural, artisanal wines and the rescue of ancient vines.<\/p><\/div>\n\n\n                   \n        <\/div><!-- tx-hd-wrap -->\n\n\n\n\n\n\n\n\n\t\t\t\t<\/div>\n\t\t\t\t<\/div>\n\t\t\t\t<\/div>\n\t\t\t\t\t<\/div>\n\t\t\t\t<\/div>\n\t\t<div class=\"elementor-element elementor-element-9e2b861 e-flex e-con-boxed elementor-invisible e-con e-parent\" data-id=\"9e2b861\" data-element_type=\"container\" data-e-type=\"container\" data-settings=\"{&quot;animation&quot;:&quot;fadeInUp&quot;}\">\n\t\t\t\t\t<div class=\"e-con-inner\">\n\t\t<div class=\"elementor-element elementor-element-bea4d5e e-con-full e-flex elementor-invisible e-con e-child\" data-id=\"bea4d5e\" data-element_type=\"container\" data-e-type=\"container\" data-settings=\"{&quot;background_background&quot;:&quot;classic&quot;,&quot;animation&quot;:&quot;fadeIn&quot;}\">\n\t\t<div class=\"elementor-element elementor-element-1839f9b e-con-full e-flex e-con e-child\" data-id=\"1839f9b\" data-element_type=\"container\" data-e-type=\"container\">\n\t\t\t\t<div class=\"elementor-element elementor-element-5408e28 elementor-widget elementor-widget-heading\" data-id=\"5408e28\" data-element_type=\"widget\" data-e-type=\"widget\" data-widget_type=\"heading.default\">\n\t\t\t\t<div class=\"elementor-widget-container\">\n\t\t\t\t\t<h2 class=\"elementor-heading-title elementor-size-default\">Book your tour right now<\/h2>\t\t\t\t<\/div>\n\t\t\t\t<\/div>\n\t\t\t\t<div class=\"elementor-element elementor-element-170c103 elementor-widget elementor-widget-avas-button\" data-id=\"170c103\" data-element_type=\"widget\" data-e-type=\"widget\" data-widget_type=\"avas-button.default\">\n\t\t\t\t<div class=\"elementor-widget-container\">\n\t\t\t\t\t\n        <div class=\"tx-btn-wrap style-0\">\n            \n           <a data-hover=\"\" href=\"https:\/\/api.whatsapp.com\/send?phone=56323467715\" class=\"elementor-animation-grow tx-btn-link\" target=\"_self\" >\n\n            \n            Whatsapp\n            \n            \n           <\/a>\n          \n        <\/div><!-- tx-btn-wrap -->\n        \n        \n\t\t\t\t<\/div>\n\t\t\t\t<\/div>\n\t\t\t\t<\/div>\n\t\t<div class=\"elementor-element elementor-element-8337848 e-con-full e-flex e-con e-child\" data-id=\"8337848\" data-element_type=\"container\" data-e-type=\"container\">\n\t\t\t\t<div class=\"elementor-element elementor-element-461f357 elementor-widget elementor-widget-image\" data-id=\"461f357\" data-element_type=\"widget\" data-e-type=\"widget\" data-widget_type=\"image.default\">\n\t\t\t\t<div class=\"elementor-widget-container\">\n\t\t\t\t\t\t\t\t\t\t\t\t\t\t\t<img decoding=\"async\" width=\"1024\" height=\"668\" src=\"https:\/\/turisvina.cl\/wp-content\/uploads\/2025\/05\/turistas-1024x668.png\" class=\"attachment-large size-large wp-image-2046\" alt=\"\" srcset=\"https:\/\/turisvina.cl\/wp-content\/uploads\/2025\/05\/turistas-1024x668.png 1024w, https:\/\/turisvina.cl\/wp-content\/uploads\/2025\/05\/turistas-300x196.png 300w, https:\/\/turisvina.cl\/wp-content\/uploads\/2025\/05\/turistas-768x501.png 768w, https:\/\/turisvina.cl\/wp-content\/uploads\/2025\/05\/turistas-460x300.png 460w, https:\/\/turisvina.cl\/wp-content\/uploads\/2025\/05\/turistas-80x52.png 80w, https:\/\/turisvina.cl\/wp-content\/uploads\/2025\/05\/turistas-360x235.png 360w, https:\/\/turisvina.cl\/wp-content\/uploads\/2025\/05\/turistas-373x243.png 373w, https:\/\/turisvina.cl\/wp-content\/uploads\/2025\/05\/turistas-620x404.png 620w, https:\/\/turisvina.cl\/wp-content\/uploads\/2025\/05\/turistas-365x238.png 365w, https:\/\/turisvina.cl\/wp-content\/uploads\/2025\/05\/turistas-600x391.png 600w, https:\/\/turisvina.cl\/wp-content\/uploads\/2025\/05\/turistas.png 1087w\" sizes=\"(max-width: 1024px) 100vw, 1024px\" \/>\t\t\t\t\t\t\t\t\t\t\t\t\t\t\t<\/div>\n\t\t\t\t<\/div>\n\t\t\t\t<\/div>\n\t\t\t\t<\/div>\n\t\t\t\t\t<\/div>\n\t\t\t\t<\/div>\n\t\t\t\t<\/div>","protected":false},"excerpt":{"rendered":"<p class=\"tx-excerpt\">Inicio Valle de Marga Marga Vi\u00f1a Herrera Alvarado Pioneros en vinos naturales en Chile, rescatando tradiciones ancestrales con un enfoque sustentable Sobre la vi\u00f1a Fundada en 2003 por Carolina Alvarado y Arturo Herrera en el...<\/p>","protected":false},"author":1,"featured_media":0,"parent":3440,"menu_order":0,"comment_status":"closed","ping_status":"closed","template":"elementor_header_footer","meta":{"footnotes":""},"class_list":["post-3897","page","type-page","status-publish","hentry"],"yoast_head":"<!-- This site is optimized with the Yoast SEO Premium plugin v27.1 (Yoast SEO v27.4) - https:\/\/yoast.com\/product\/yoast-seo-premium-wordpress\/ -->\n<title>Vi\u00f1a Herrera Alvarado - Turisvi\u00f1a<\/title>\n<meta name=\"robots\" content=\"index, follow, max-snippet:-1, max-image-preview:large, max-video-preview:-1\" \/>\n<link rel=\"canonical\" href=\"https:\/\/turisvina.cl\/en\/tour-vinas-del-valle-de-casablanca\/vina-herrera-alvarado\/\" \/>\n<meta property=\"og:locale\" content=\"en_US\" \/>\n<meta property=\"og:type\" content=\"article\" \/>\n<meta property=\"og:title\" content=\"Vi\u00f1a Herrera Alvarado\" \/>\n<meta property=\"og:description\" content=\"Inicio Valle de Marga Marga Vi\u00f1a Herrera Alvarado Pioneros en vinos naturales en Chile, rescatando tradiciones ancestrales con un enfoque sustentable Sobre la vi\u00f1a Fundada en 2003 por Carolina Alvarado y Arturo Herrera en el Valle de Marga Marga, Vi\u00f1a Herrera Alvarado es reconocida como pionera en la producci\u00f3n de vinos naturales en Chile, con [&hellip;]\" \/>\n<meta property=\"og:url\" content=\"https:\/\/turisvina.cl\/en\/tour-vinas-del-valle-de-casablanca\/vina-herrera-alvarado\/\" \/>\n<meta property=\"og:site_name\" content=\"Turisvi\u00f1a\" \/>\n<meta property=\"article:modified_time\" content=\"2025-09-11T19:29:17+00:00\" \/>\n<meta property=\"og:image\" content=\"https:\/\/turisvina.cl\/wp-content\/uploads\/2025\/09\/vinaheere.jpg\" \/>\n<meta name=\"twitter:card\" content=\"summary_large_image\" \/>\n<meta name=\"twitter:label1\" content=\"Est. reading time\" \/>\n\t<meta name=\"twitter:data1\" content=\"2 minutes\" \/>\n<script type=\"application\/ld+json\" class=\"yoast-schema-graph\">{\"@context\":\"https:\\\/\\\/schema.org\",\"@graph\":[{\"@type\":\"WebPage\",\"@id\":\"https:\\\/\\\/turisvina.cl\\\/tour-vinas-del-valle-de-casablanca\\\/vina-herrera-alvarado\\\/\",\"url\":\"https:\\\/\\\/turisvina.cl\\\/tour-vinas-del-valle-de-casablanca\\\/vina-herrera-alvarado\\\/\",\"name\":\"Vi\u00f1a Herrera Alvarado - Turisvi\u00f1a\",\"isPartOf\":{\"@id\":\"https:\\\/\\\/turisvina.cl\\\/#website\"},\"primaryImageOfPage\":{\"@id\":\"https:\\\/\\\/turisvina.cl\\\/tour-vinas-del-valle-de-casablanca\\\/vina-herrera-alvarado\\\/#primaryimage\"},\"image\":{\"@id\":\"https:\\\/\\\/turisvina.cl\\\/tour-vinas-del-valle-de-casablanca\\\/vina-herrera-alvarado\\\/#primaryimage\"},\"thumbnailUrl\":\"https:\\\/\\\/turisvina.cl\\\/wp-content\\\/uploads\\\/2025\\\/09\\\/vinaheere.jpg\",\"datePublished\":\"2025-09-11T14:30:04+00:00\",\"dateModified\":\"2025-09-11T19:29:17+00:00\",\"breadcrumb\":{\"@id\":\"https:\\\/\\\/turisvina.cl\\\/tour-vinas-del-valle-de-casablanca\\\/vina-herrera-alvarado\\\/#breadcrumb\"},\"inLanguage\":\"en-US\",\"potentialAction\":[{\"@type\":\"ReadAction\",\"target\":[\"https:\\\/\\\/turisvina.cl\\\/tour-vinas-del-valle-de-casablanca\\\/vina-herrera-alvarado\\\/\"]}]},{\"@type\":\"ImageObject\",\"inLanguage\":\"en-US\",\"@id\":\"https:\\\/\\\/turisvina.cl\\\/tour-vinas-del-valle-de-casablanca\\\/vina-herrera-alvarado\\\/#primaryimage\",\"url\":\"https:\\\/\\\/turisvina.cl\\\/wp-content\\\/uploads\\\/2025\\\/09\\\/vinaheere.jpg\",\"contentUrl\":\"https:\\\/\\\/turisvina.cl\\\/wp-content\\\/uploads\\\/2025\\\/09\\\/vinaheere.jpg\"},{\"@type\":\"BreadcrumbList\",\"@id\":\"https:\\\/\\\/turisvina.cl\\\/tour-vinas-del-valle-de-casablanca\\\/vina-herrera-alvarado\\\/#breadcrumb\",\"itemListElement\":[{\"@type\":\"ListItem\",\"position\":1,\"name\":\"Portada\",\"item\":\"https:\\\/\\\/turisvina.cl\\\/\"},{\"@type\":\"ListItem\",\"position\":2,\"name\":\"Tour Vi\u00f1as del Valle de Casablanca\",\"item\":\"https:\\\/\\\/turisvina.cl\\\/tour-vinas-del-valle-de-casablanca\\\/\"},{\"@type\":\"ListItem\",\"position\":3,\"name\":\"Vi\u00f1a Herrera Alvarado\"}]},{\"@type\":\"WebSite\",\"@id\":\"https:\\\/\\\/turisvina.cl\\\/#website\",\"url\":\"https:\\\/\\\/turisvina.cl\\\/\",\"name\":\"Turisvi\u00f1a\",\"description\":\"\",\"publisher\":{\"@id\":\"https:\\\/\\\/turisvina.cl\\\/#organization\"},\"potentialAction\":[{\"@type\":\"SearchAction\",\"target\":{\"@type\":\"EntryPoint\",\"urlTemplate\":\"https:\\\/\\\/turisvina.cl\\\/?s={search_term_string}\"},\"query-input\":{\"@type\":\"PropertyValueSpecification\",\"valueRequired\":true,\"valueName\":\"search_term_string\"}}],\"inLanguage\":\"en-US\"},{\"@type\":\"Organization\",\"@id\":\"https:\\\/\\\/turisvina.cl\\\/#organization\",\"name\":\"Turisvi\u00f1a\",\"url\":\"https:\\\/\\\/turisvina.cl\\\/\",\"logo\":{\"@type\":\"ImageObject\",\"inLanguage\":\"en-US\",\"@id\":\"https:\\\/\\\/turisvina.cl\\\/#\\\/schema\\\/logo\\\/image\\\/\",\"url\":\"https:\\\/\\\/turisvina.cl\\\/wp-content\\\/uploads\\\/2024\\\/03\\\/turisvinalogo.png\",\"contentUrl\":\"https:\\\/\\\/turisvina.cl\\\/wp-content\\\/uploads\\\/2024\\\/03\\\/turisvinalogo.png\",\"width\":766,\"height\":315,\"caption\":\"Turisvi\u00f1a\"},\"image\":{\"@id\":\"https:\\\/\\\/turisvina.cl\\\/#\\\/schema\\\/logo\\\/image\\\/\"}}]}<\/script>\n<!-- \/ Yoast SEO Premium plugin. -->","yoast_head_json":{"title":"Vi\u00f1a Herrera Alvarado - Turisvi\u00f1a","robots":{"index":"index","follow":"follow","max-snippet":"max-snippet:-1","max-image-preview":"max-image-preview:large","max-video-preview":"max-video-preview:-1"},"canonical":"https:\/\/turisvina.cl\/en\/tour-vinas-del-valle-de-casablanca\/vina-herrera-alvarado\/","og_locale":"en_US","og_type":"article","og_title":"Vi\u00f1a Herrera Alvarado","og_description":"Inicio Valle de Marga Marga Vi\u00f1a Herrera Alvarado Pioneros en vinos naturales en Chile, rescatando tradiciones ancestrales con un enfoque sustentable Sobre la vi\u00f1a Fundada en 2003 por Carolina Alvarado y Arturo Herrera en el Valle de Marga Marga, Vi\u00f1a Herrera Alvarado es reconocida como pionera en la producci\u00f3n de vinos naturales en Chile, con [&hellip;]","og_url":"https:\/\/turisvina.cl\/en\/tour-vinas-del-valle-de-casablanca\/vina-herrera-alvarado\/","og_site_name":"Turisvi\u00f1a","article_modified_time":"2025-09-11T19:29:17+00:00","og_image":[{"url":"https:\/\/turisvina.cl\/wp-content\/uploads\/2025\/09\/vinaheere.jpg","type":"","width":"","height":""}],"twitter_card":"summary_large_image","twitter_misc":{"Est. reading time":"2 minutes"},"schema":{"@context":"https:\/\/schema.org","@graph":[{"@type":"WebPage","@id":"https:\/\/turisvina.cl\/tour-vinas-del-valle-de-casablanca\/vina-herrera-alvarado\/","url":"https:\/\/turisvina.cl\/tour-vinas-del-valle-de-casablanca\/vina-herrera-alvarado\/","name":"Vi\u00f1a Herrera Alvarado - Turisvi\u00f1a","isPartOf":{"@id":"https:\/\/turisvina.cl\/#website"},"primaryImageOfPage":{"@id":"https:\/\/turisvina.cl\/tour-vinas-del-valle-de-casablanca\/vina-herrera-alvarado\/#primaryimage"},"image":{"@id":"https:\/\/turisvina.cl\/tour-vinas-del-valle-de-casablanca\/vina-herrera-alvarado\/#primaryimage"},"thumbnailUrl":"https:\/\/turisvina.cl\/wp-content\/uploads\/2025\/09\/vinaheere.jpg","datePublished":"2025-09-11T14:30:04+00:00","dateModified":"2025-09-11T19:29:17+00:00","breadcrumb":{"@id":"https:\/\/turisvina.cl\/tour-vinas-del-valle-de-casablanca\/vina-herrera-alvarado\/#breadcrumb"},"inLanguage":"en-US","potentialAction":[{"@type":"ReadAction","target":["https:\/\/turisvina.cl\/tour-vinas-del-valle-de-casablanca\/vina-herrera-alvarado\/"]}]},{"@type":"ImageObject","inLanguage":"en-US","@id":"https:\/\/turisvina.cl\/tour-vinas-del-valle-de-casablanca\/vina-herrera-alvarado\/#primaryimage","url":"https:\/\/turisvina.cl\/wp-content\/uploads\/2025\/09\/vinaheere.jpg","contentUrl":"https:\/\/turisvina.cl\/wp-content\/uploads\/2025\/09\/vinaheere.jpg"},{"@type":"BreadcrumbList","@id":"https:\/\/turisvina.cl\/tour-vinas-del-valle-de-casablanca\/vina-herrera-alvarado\/#breadcrumb","itemListElement":[{"@type":"ListItem","position":1,"name":"Portada","item":"https:\/\/turisvina.cl\/"},{"@type":"ListItem","position":2,"name":"Tour Vi\u00f1as del Valle de Casablanca","item":"https:\/\/turisvina.cl\/tour-vinas-del-valle-de-casablanca\/"},{"@type":"ListItem","position":3,"name":"Vi\u00f1a Herrera Alvarado"}]},{"@type":"WebSite","@id":"https:\/\/turisvina.cl\/#website","url":"https:\/\/turisvina.cl\/","name":"Turisvi\u00f1a","description":"","publisher":{"@id":"https:\/\/turisvina.cl\/#organization"},"potentialAction":[{"@type":"SearchAction","target":{"@type":"EntryPoint","urlTemplate":"https:\/\/turisvina.cl\/?s={search_term_string}"},"query-input":{"@type":"PropertyValueSpecification","valueRequired":true,"valueName":"search_term_string"}}],"inLanguage":"en-US"},{"@type":"Organization","@id":"https:\/\/turisvina.cl\/#organization","name":"Turisvi\u00f1a","url":"https:\/\/turisvina.cl\/","logo":{"@type":"ImageObject","inLanguage":"en-US","@id":"https:\/\/turisvina.cl\/#\/schema\/logo\/image\/","url":"https:\/\/turisvina.cl\/wp-content\/uploads\/2024\/03\/turisvinalogo.png","contentUrl":"https:\/\/turisvina.cl\/wp-content\/uploads\/2024\/03\/turisvinalogo.png","width":766,"height":315,"caption":"Turisvi\u00f1a"},"image":{"@id":"https:\/\/turisvina.cl\/#\/schema\/logo\/image\/"}}]}},"_links":{"self":[{"href":"https:\/\/turisvina.cl\/en\/wp-json\/wp\/v2\/pages\/3897","targetHints":{"allow":["GET"]}}],"collection":[{"href":"https:\/\/turisvina.cl\/en\/wp-json\/wp\/v2\/pages"}],"about":[{"href":"https:\/\/turisvina.cl\/en\/wp-json\/wp\/v2\/types\/page"}],"author":[{"embeddable":true,"href":"https:\/\/turisvina.cl\/en\/wp-json\/wp\/v2\/users\/1"}],"replies":[{"embeddable":true,"href":"https:\/\/turisvina.cl\/en\/wp-json\/wp\/v2\/comments?post=3897"}],"version-history":[{"count":13,"href":"https:\/\/turisvina.cl\/en\/wp-json\/wp\/v2\/pages\/3897\/revisions"}],"predecessor-version":[{"id":3915,"href":"https:\/\/turisvina.cl\/en\/wp-json\/wp\/v2\/pages\/3897\/revisions\/3915"}],"up":[{"embeddable":true,"href":"https:\/\/turisvina.cl\/en\/wp-json\/wp\/v2\/pages\/3440"}],"wp:attachment":[{"href":"https:\/\/turisvina.cl\/en\/wp-json\/wp\/v2\/media?parent=3897"}],"curies":[{"name":"wp","href":"https:\/\/api.w.org\/{rel}","templated":true}]}}